{"id":989,"date":"2016-08-02T11:05:09","date_gmt":"2016-08-02T11:05:09","guid":{"rendered":"http:\/\/physiotherapie-kuppinger.de\/?page_id=9"},"modified":"2025-01-15T10:35:16","modified_gmt":"2025-01-15T09:35:16","slug":"about","status":"publish","type":"page","link":"https:\/\/physiotherapie-kuppinger.de\/?page_id=989","title":{"rendered":"Team"},"content":{"rendered":"\t\t<div data-elementor-type=\"wp-page\" data-elementor-id=\"989\" class=\"elementor elementor-989\">\n\t\t\t\t\t\t<section class=\"elementor-section elementor-top-section elementor-element elementor-element-712dc87 elementor-section-boxed elementor-section-height-default elementor-section-height-default\" data-id=\"712dc87\" data-element_type=\"section\" data-settings=\"{&quot;background_background&quot;:&quot;classic&quot;}\">\n\t\t\t\t\t\t\t<div class=\"elementor-background-overlay\"><\/div>\n\t\t\t\t\t\t\t<div class=\"elementor-container elementor-column-gap-default\">\n\t\t\t\t\t<div class=\"elementor-column elementor-col-33 elementor-top-column elementor-element elementor-element-b5315cd\" data-id=\"b5315cd\" data-element_type=\"column\">\n\t\t\t<div class=\"elementor-widget-wrap elementor-element-populated\">\n\t\t\t\t\t\t<div class=\"elementor-element elementor-element-c103bf1 elementor-widget elementor-widget-spacer\" data-id=\"c103bf1\" data-element_type=\"widget\" data-widget_type=\"spacer.default\">\n\t\t\t\t<div class=\"elementor-widget-container\">\n\t\t\t\t\t\t\t<div class=\"elementor-spacer\">\n\t\t\t<div class=\"elementor-spacer-inner\"><\/div>\n\t\t<\/div>\n\t\t\t\t\t\t<\/div>\n\t\t\t\t<\/div>\n\t\t\t\t<div class=\"elementor-element elementor-element-7917c6d elementor-widget elementor-widget-image\" data-id=\"7917c6d\" data-element_type=\"widget\" data-widget_type=\"image.default\">\n\t\t\t\t<div class=\"elementor-widget-container\">\n\t\t\t\t\t\t\t\t\t\t\t\t\t\t\t<img fetchpriority=\"high\" decoding=\"async\" width=\"683\" height=\"1024\" src=\"https:\/\/physiotherapie-kuppinger.de\/wp-content\/uploads\/2018\/10\/DSC_8154-683x1024.jpg\" class=\"attachment-large size-large wp-image-1001\" alt=\"\" srcset=\"https:\/\/physiotherapie-kuppinger.de\/wp-content\/uploads\/2018\/10\/DSC_8154-683x1024.jpg 683w, https:\/\/physiotherapie-kuppinger.de\/wp-content\/uploads\/2018\/10\/DSC_8154-200x300.jpg 200w, https:\/\/physiotherapie-kuppinger.de\/wp-content\/uploads\/2018\/10\/DSC_8154-768x1152.jpg 768w, https:\/\/physiotherapie-kuppinger.de\/wp-content\/uploads\/2018\/10\/DSC_8154-400x600.jpg 400w, https:\/\/physiotherapie-kuppinger.de\/wp-content\/uploads\/2018\/10\/DSC_8154-600x900.jpg 600w, https:\/\/physiotherapie-kuppinger.de\/wp-content\/uploads\/2018\/10\/DSC_8154-800x1200.jpg 800w, https:\/\/physiotherapie-kuppinger.de\/wp-content\/uploads\/2018\/10\/DSC_8154-1200x1800.jpg 1200w\" sizes=\"(max-width: 683px) 100vw, 683px\" \/>\t\t\t\t\t\t\t\t\t\t\t\t\t\t\t<\/div>\n\t\t\t\t<\/div>\n\t\t\t\t<div class=\"elementor-element elementor-element-fa7b31e elementor-widget elementor-widget-spacer\" data-id=\"fa7b31e\" data-element_type=\"widget\" data-widget_type=\"spacer.default\">\n\t\t\t\t<div class=\"elementor-widget-container\">\n\t\t\t\t\t\t\t<div class=\"elementor-spacer\">\n\t\t\t<div class=\"elementor-spacer-inner\"><\/div>\n\t\t<\/div>\n\t\t\t\t\t\t<\/div>\n\t\t\t\t<\/div>\n\t\t\t\t\t<\/div>\n\t\t<\/div>\n\t\t\t\t<div class=\"elementor-column elementor-col-66 elementor-top-column elementor-element elementor-element-3751d9e\" data-id=\"3751d9e\" data-element_type=\"column\">\n\t\t\t<div class=\"elementor-widget-wrap elementor-element-populated\">\n\t\t\t\t\t\t<div class=\"elementor-element elementor-element-93fbca9 elementor-widget elementor-widget-spacer\" data-id=\"93fbca9\" data-element_type=\"widget\" data-widget_type=\"spacer.default\">\n\t\t\t\t<div class=\"elementor-widget-container\">\n\t\t\t\t\t\t\t<div class=\"elementor-spacer\">\n\t\t\t<div class=\"elementor-spacer-inner\"><\/div>\n\t\t<\/div>\n\t\t\t\t\t\t<\/div>\n\t\t\t\t<\/div>\n\t\t\t\t<div class=\"elementor-element elementor-element-a0ae140 elementor-widget elementor-widget-text-editor\" data-id=\"a0ae140\" data-element_type=\"widget\" data-widget_type=\"text-editor.default\">\n\t\t\t\t<div class=\"elementor-widget-container\">\n\t\t\t\t\t\t\t\t\t<h4><span style=\"font-size: 15px; color: #000000;\">JACQUELINE KUPPINGER &#8211;\u00a0<\/span><\/h4><p><span style=\"font-size: 15px; color: #000000;\">INHABERIN \/ PHYSIOTHERAPEUTIN \/ HEILPRAKTIKERIN<\/span><\/p><p><span style=\"font-size: 15px; color: #000000;\">\u00a0<\/span><\/p><p><span style=\"color: #000000;\">Seit meiner Kindheit hatte ich in mir den Wunsch Physiotherapeutin zu werden.<\/span><br \/><span style=\"color: #000000;\">Nach der Realschule besuchte ich die VPT-Schule in Fellbach und absolvierte 2015<\/span><br \/><span style=\"color: #000000;\">dort mein Staatsexamen zur staatlich anerkannten Physiotherapeutin.<\/span><br \/><span style=\"color: #000000;\">Mit Menschen in Verbindung zu stehen und diese auf einem St\u00fcck ihres Lebensweges<\/span><br \/><span style=\"color: #000000;\">begleiten zu d\u00fcrfen ist f\u00fcr mich eine wertvolle Aufgabe und Herausforderung!<\/span><br \/><span style=\"color: #000000;\">Um meinen Patienten bestm\u00f6glichst zu helfen ist mir eine stetige Weiterbildung<\/span><br \/><span style=\"color: #000000;\">sehr wichtig.<\/span><\/p><p><span style=\"color: #000000;\">\u00a0<\/span><\/p><p><span style=\"color: #000000;\">Qualifikationen:<\/span><\/p><p><span style=\"color: #000000;\">2012-2016\u00a0 \u00a0 \u00a0 \u00a0 \u00a0 \u00a0 \u00a0 Ausbildung zur Physiotherapeutin<\/span><\/p><p><span style=\"color: #000000;\">2015\u00a0 \u00a0 \u00a0 \u00a0 \u00a0 \u00a0 \u00a0 \u00a0 \u00a0 \u00a0 \u00a0 \u00a0 Fortbildung\u00a0 Manuelle\u00a0 Lymphdrainage<\/span><\/p><p><span style=\"color: #000000;\">2016 \u00a0 \u00a0 \u00a0 \u00a0 \u00a0 \u00a0 \u00a0 \u00a0 \u00a0 \u00a0 \u00a0 \u00a0Kiefergelenksbehandlung (CMD)<\/span><\/p><p><span style=\"color: #000000;\">2017 \u00a0 \u00a0 \u00a0 \u00a0 \u00a0 \u00a0 \u00a0 \u00a0 \u00a0 \u00a0 \u00a0 \u00a0Ausbildung zur Bobath-Therapeutin<\/span><\/p><p><span style=\"color: #000000;\">2017-2019\u00a0 \u00a0 \u00a0 \u00a0 \u00a0 \u00a0 \u00a0 Ausbildung zur Manualtherapeutin<\/span><\/p><p><span style=\"color: #000000;\">2021\u00a0 \u00a0 \u00a0 \u00a0 \u00a0 \u00a0 \u00a0 \u00a0 \u00a0 \u00a0 \u00a0 \u00a0 Ausbildung zur allgemeinen Heilpraktikerin\u00a0<\/span><\/p><p><span style=\"color: #000000;\">2022\u00a0 \u00a0 \u00a0 \u00a0 \u00a0 \u00a0 \u00a0 \u00a0 \u00a0 \u00a0 \u00a0 \u00a0 Ausbildung zur Schwindel- und Vestibulartherapeutin<\/span><\/p>\t\t\t\t\t\t\t\t<\/div>\n\t\t\t\t<\/div>\n\t\t\t\t<div class=\"elementor-element elementor-element-f4e8bba elementor-widget elementor-widget-spacer\" data-id=\"f4e8bba\" data-element_type=\"widget\" data-widget_type=\"spacer.default\">\n\t\t\t\t<div class=\"elementor-widget-container\">\n\t\t\t\t\t\t\t<div class=\"elementor-spacer\">\n\t\t\t<div class=\"elementor-spacer-inner\"><\/div>\n\t\t<\/div>\n\t\t\t\t\t\t<\/div>\n\t\t\t\t<\/div>\n\t\t\t\t\t<\/div>\n\t\t<\/div>\n\t\t\t\t\t<\/div>\n\t\t<\/section>\n\t\t\t\t<section class=\"elementor-section elementor-top-section elementor-element elementor-element-a55e231 elementor-section-boxed elementor-section-height-default elementor-section-height-default\" data-id=\"a55e231\" data-element_type=\"section\">\n\t\t\t\t\t\t<div class=\"elementor-container elementor-column-gap-default\">\n\t\t\t\t\t<div class=\"elementor-column elementor-col-33 elementor-top-column elementor-element elementor-element-17547e2\" data-id=\"17547e2\" data-element_type=\"column\">\n\t\t\t<div class=\"elementor-widget-wrap elementor-element-populated\">\n\t\t\t\t\t\t<div class=\"elementor-element elementor-element-5d4a64c elementor-widget elementor-widget-spacer\" data-id=\"5d4a64c\" data-element_type=\"widget\" data-widget_type=\"spacer.default\">\n\t\t\t\t<div class=\"elementor-widget-container\">\n\t\t\t\t\t\t\t<div class=\"elementor-spacer\">\n\t\t\t<div class=\"elementor-spacer-inner\"><\/div>\n\t\t<\/div>\n\t\t\t\t\t\t<\/div>\n\t\t\t\t<\/div>\n\t\t\t\t<div class=\"elementor-element elementor-element-1d06548 elementor-widget elementor-widget-image\" data-id=\"1d06548\" data-element_type=\"widget\" data-widget_type=\"image.default\">\n\t\t\t\t<div class=\"elementor-widget-container\">\n\t\t\t\t\t\t\t\t\t\t\t\t\t\t\t<img decoding=\"async\" width=\"655\" height=\"1024\" src=\"https:\/\/physiotherapie-kuppinger.de\/wp-content\/uploads\/2019\/11\/DSC_4307-655x1024.jpg\" class=\"attachment-large size-large wp-image-1067\" alt=\"\" srcset=\"https:\/\/physiotherapie-kuppinger.de\/wp-content\/uploads\/2019\/11\/DSC_4307-655x1024.jpg 655w, https:\/\/physiotherapie-kuppinger.de\/wp-content\/uploads\/2019\/11\/DSC_4307-192x300.jpg 192w, https:\/\/physiotherapie-kuppinger.de\/wp-content\/uploads\/2019\/11\/DSC_4307-768x1200.jpg 768w, https:\/\/physiotherapie-kuppinger.de\/wp-content\/uploads\/2019\/11\/DSC_4307-200x313.jpg 200w, https:\/\/physiotherapie-kuppinger.de\/wp-content\/uploads\/2019\/11\/DSC_4307-400x625.jpg 400w, https:\/\/physiotherapie-kuppinger.de\/wp-content\/uploads\/2019\/11\/DSC_4307-600x938.jpg 600w, https:\/\/physiotherapie-kuppinger.de\/wp-content\/uploads\/2019\/11\/DSC_4307-800x1250.jpg 800w, https:\/\/physiotherapie-kuppinger.de\/wp-content\/uploads\/2019\/11\/DSC_4307.jpg 1024w\" sizes=\"(max-width: 655px) 100vw, 655px\" \/>\t\t\t\t\t\t\t\t\t\t\t\t\t\t\t<\/div>\n\t\t\t\t<\/div>\n\t\t\t\t<div class=\"elementor-element elementor-element-1daa61a elementor-widget elementor-widget-spacer\" data-id=\"1daa61a\" data-element_type=\"widget\" data-widget_type=\"spacer.default\">\n\t\t\t\t<div class=\"elementor-widget-container\">\n\t\t\t\t\t\t\t<div class=\"elementor-spacer\">\n\t\t\t<div class=\"elementor-spacer-inner\"><\/div>\n\t\t<\/div>\n\t\t\t\t\t\t<\/div>\n\t\t\t\t<\/div>\n\t\t\t\t\t<\/div>\n\t\t<\/div>\n\t\t\t\t<div class=\"elementor-column elementor-col-66 elementor-top-column elementor-element elementor-element-c81e46f\" data-id=\"c81e46f\" data-element_type=\"column\">\n\t\t\t<div class=\"elementor-widget-wrap elementor-element-populated\">\n\t\t\t\t\t\t<div class=\"elementor-element elementor-element-02ba648 elementor-widget elementor-widget-spacer\" data-id=\"02ba648\" data-element_type=\"widget\" data-widget_type=\"spacer.default\">\n\t\t\t\t<div class=\"elementor-widget-container\">\n\t\t\t\t\t\t\t<div class=\"elementor-spacer\">\n\t\t\t<div class=\"elementor-spacer-inner\"><\/div>\n\t\t<\/div>\n\t\t\t\t\t\t<\/div>\n\t\t\t\t<\/div>\n\t\t\t\t<div class=\"elementor-element elementor-element-b0dd2d7 elementor-widget elementor-widget-text-editor\" data-id=\"b0dd2d7\" data-element_type=\"widget\" data-widget_type=\"text-editor.default\">\n\t\t\t\t<div class=\"elementor-widget-container\">\n\t\t\t\t\t\t\t\t\t<h4><span style=\"font-size: 15px; color: #000000;\">BARBARA GERHARDT-\u00a0<\/span><\/h4><h6><span style=\"font-size: 15px; color: #000000;\">PHYSIOTHERAPEUTIN<\/span><\/h6><p><span style=\"font-size: 15px; color: #000000;\">\u00a0<\/span><\/p><p><span style=\"color: #000000; font-size: 15px; font-family: var( --e-global-typography-text-font-family ), Sans-serif;\">Bereits mit 15 Jahren konnte ich mich f\u00fcr den Beruf des Physiotherapeuten begeistern und verfolgte seitdem konstant dieses Ziel. Ich arbeite gerne mit Menschen zusammen und es liegt mir am Herzen ihnen zu helfen. Au\u00dferdem faszinieren mich die komplexen Zusammenh\u00e4nge des menschlichen K\u00f6rpers.<\/span><\/p><p><span style=\"color: #000000;\">Jeder Mensch ist wertvoll und individuell. Daher ist es mein Ziel die Therapie auf Sie anzupassen, Ihnen zu mehr Lebensqualit\u00e4t zu verhelfen und dabei Ihr bestm\u00f6glichstes Potential auszusch\u00f6pfen.<\/span><br \/><span style=\"color: #000000;\">Ich freue mich mit Ihnen gemeinsam Ihr Wohlbefinden zu steigern und Ihre\u00a0<\/span><\/p><p><span style=\"color: #000000;\">Leistungsf\u00e4higkeit zu verbessern.<\/span><\/p><p><span style=\"color: #000000;\">\u00a0<\/span><\/p><p><span style=\"color: #000000;\">Qualifikationen:<\/span><\/p><p><span style=\"color: #000000;\">2016-2019\u00a0 \u00a0 \u00a0 \u00a0 \u00a0 Ausbildung zur staatlich anerkannten Physiotherapeutin<\/span><\/p><p><span style=\"color: #000000;\">2019\u00a0 \u00a0 \u00a0 \u00a0 \u00a0 \u00a0 \u00a0 \u00a0 \u00a0 \u00a0 Ausbildung f\u00fcr manuelle Lymphdrainage<\/span><\/p><p><span style=\"color: #000000;\">2020\u00a0 \u00a0 \u00a0 \u00a0 \u00a0 \u00a0 \u00a0 \u00a0 \u00a0 \u00a0\u00a0<span style=\"font-size: 15px; font-family: var( --e-global-typography-text-font-family ), Sans-serif;\">Fortbildung f\u00fcr Kiefergelenksbehandlung<\/span><\/span><\/p><p><span style=\"color: #000000;\">2021\u00a0 \u00a0 \u00a0 \u00a0 \u00a0 \u00a0 \u00a0 \u00a0 \u00a0 \u00a0\u00a0<span style=\"font-size: 15px; font-family: var( --e-global-typography-text-font-family ), Sans-serif;\">Ausbildung zur Bobaththerapeutin<\/span><\/span><\/p><p><span style=\"color: #000000;\"><span style=\"font-size: 15px; font-family: var( --e-global-typography-text-font-family ), Sans-serif;\">2020-2022\u00a0 \u00a0 \u00a0 \u00a0 \u00a0 Ausbildung zur Manualtherapeutin<\/span><\/span><\/p><p><span style=\"color: #000000;\"><span style=\"font-size: 15px; font-family: var( --e-global-typography-text-font-family ), Sans-serif;\">2022\u00a0 \u00a0 \u00a0 \u00a0 \u00a0 \u00a0 \u00a0 \u00a0 \u00a0 \u00a0 Ausbildung f\u00fcr Krankengymnastik am Ger\u00e4t<\/span><\/span><\/p><p>\u00a0<\/p>\t\t\t\t\t\t\t\t<\/div>\n\t\t\t\t<\/div>\n\t\t\t\t<div class=\"elementor-element elementor-element-6fd7c87 elementor-widget elementor-widget-spacer\" data-id=\"6fd7c87\" data-element_type=\"widget\" data-widget_type=\"spacer.default\">\n\t\t\t\t<div class=\"elementor-widget-container\">\n\t\t\t\t\t\t\t<div class=\"elementor-spacer\">\n\t\t\t<div class=\"elementor-spacer-inner\"><\/div>\n\t\t<\/div>\n\t\t\t\t\t\t<\/div>\n\t\t\t\t<\/div>\n\t\t\t\t\t<\/div>\n\t\t<\/div>\n\t\t\t\t\t<\/div>\n\t\t<\/section>\n\t\t\t\t<section class=\"elementor-section elementor-top-section elementor-element elementor-element-5a99a70 elementor-section-boxed elementor-section-height-default elementor-section-height-default\" data-id=\"5a99a70\" data-element_type=\"section\" data-settings=\"{&quot;background_background&quot;:&quot;classic&quot;}\">\n\t\t\t\t\t\t<div class=\"elementor-container elementor-column-gap-default\">\n\t\t\t\t\t<div class=\"elementor-column elementor-col-33 elementor-top-column elementor-element elementor-element-e4c370a\" data-id=\"e4c370a\" data-element_type=\"column\">\n\t\t\t<div class=\"elementor-widget-wrap elementor-element-populated\">\n\t\t\t\t\t\t<div class=\"elementor-element elementor-element-ae433bb elementor-widget elementor-widget-spacer\" data-id=\"ae433bb\" data-element_type=\"widget\" data-widget_type=\"spacer.default\">\n\t\t\t\t<div class=\"elementor-widget-container\">\n\t\t\t\t\t\t\t<div class=\"elementor-spacer\">\n\t\t\t<div class=\"elementor-spacer-inner\"><\/div>\n\t\t<\/div>\n\t\t\t\t\t\t<\/div>\n\t\t\t\t<\/div>\n\t\t\t\t<div class=\"elementor-element elementor-element-54d69f8 elementor-widget elementor-widget-image\" data-id=\"54d69f8\" data-element_type=\"widget\" data-widget_type=\"image.default\">\n\t\t\t\t<div class=\"elementor-widget-container\">\n\t\t\t\t\t\t\t\t\t\t\t\t\t\t\t<img decoding=\"async\" width=\"1024\" height=\"1024\" src=\"https:\/\/physiotherapie-kuppinger.de\/wp-content\/uploads\/2022\/01\/blank-profile-picture-g690924519_1280-1024x1024.png\" class=\"attachment-large size-large wp-image-1327\" alt=\"\" srcset=\"https:\/\/physiotherapie-kuppinger.de\/wp-content\/uploads\/2022\/01\/blank-profile-picture-g690924519_1280-1024x1024.png 1024w, https:\/\/physiotherapie-kuppinger.de\/wp-content\/uploads\/2022\/01\/blank-profile-picture-g690924519_1280-300x300.png 300w, https:\/\/physiotherapie-kuppinger.de\/wp-content\/uploads\/2022\/01\/blank-profile-picture-g690924519_1280-150x150.png 150w, https:\/\/physiotherapie-kuppinger.de\/wp-content\/uploads\/2022\/01\/blank-profile-picture-g690924519_1280-768x768.png 768w, https:\/\/physiotherapie-kuppinger.de\/wp-content\/uploads\/2022\/01\/blank-profile-picture-g690924519_1280.png 1280w\" sizes=\"(max-width: 1024px) 100vw, 1024px\" \/>\t\t\t\t\t\t\t\t\t\t\t\t\t\t\t<\/div>\n\t\t\t\t<\/div>\n\t\t\t\t<div class=\"elementor-element elementor-element-eb1a81c elementor-widget elementor-widget-spacer\" data-id=\"eb1a81c\" data-element_type=\"widget\" data-widget_type=\"spacer.default\">\n\t\t\t\t<div class=\"elementor-widget-container\">\n\t\t\t\t\t\t\t<div class=\"elementor-spacer\">\n\t\t\t<div class=\"elementor-spacer-inner\"><\/div>\n\t\t<\/div>\n\t\t\t\t\t\t<\/div>\n\t\t\t\t<\/div>\n\t\t\t\t\t<\/div>\n\t\t<\/div>\n\t\t\t\t<div class=\"elementor-column elementor-col-66 elementor-top-column elementor-element elementor-element-363a351\" data-id=\"363a351\" data-element_type=\"column\">\n\t\t\t<div class=\"elementor-widget-wrap elementor-element-populated\">\n\t\t\t\t\t\t<div class=\"elementor-element elementor-element-583cf92 elementor-widget elementor-widget-spacer\" data-id=\"583cf92\" data-element_type=\"widget\" data-widget_type=\"spacer.default\">\n\t\t\t\t<div class=\"elementor-widget-container\">\n\t\t\t\t\t\t\t<div class=\"elementor-spacer\">\n\t\t\t<div class=\"elementor-spacer-inner\"><\/div>\n\t\t<\/div>\n\t\t\t\t\t\t<\/div>\n\t\t\t\t<\/div>\n\t\t\t\t<div class=\"elementor-element elementor-element-48cb148 elementor-widget elementor-widget-text-editor\" data-id=\"48cb148\" data-element_type=\"widget\" data-widget_type=\"text-editor.default\">\n\t\t\t\t<div class=\"elementor-widget-container\">\n\t\t\t\t\t\t\t\t\t<p><span style=\"color: #000000;\">YVONNE NONNER &#8211;\u00a0<\/span><\/p><p><span style=\"color: #000000;\">REZEPTIONKRAFT<\/span><\/p><p><span style=\"color: #000000;\">\u00a0<\/span><\/p><p>\u00a0<\/p><p><span style=\"color: #000000;\">Die Rezeption einer Physiotherapiepraxis ist ein wichtiges Bindeglied zwischen den Patienten und den Physiotherapeuten.\u00a0<\/span><\/p><p><span style=\"color: #000000;\">Im Praxisalltag unterst\u00fctze ich die Therapeutinnen und die Rezeptionsfachkraft in den Bereichen Terminkoordination, schriftliche sowie telefonische Korrespondenz und allgemeine Verwaltungsaufgaben.<\/span><\/p>\t\t\t\t\t\t\t\t<\/div>\n\t\t\t\t<\/div>\n\t\t\t\t\t<\/div>\n\t\t<\/div>\n\t\t\t\t\t<\/div>\n\t\t<\/section>\n\t\t\t\t<section class=\"elementor-section elementor-top-section elementor-element elementor-element-7c5e2db elementor-section-boxed elementor-section-height-default elementor-section-height-default\" data-id=\"7c5e2db\" data-element_type=\"section\">\n\t\t\t\t\t\t<div class=\"elementor-container elementor-column-gap-default\">\n\t\t\t\t\t<div class=\"elementor-column elementor-col-33 elementor-top-column elementor-element elementor-element-778af18\" data-id=\"778af18\" data-element_type=\"column\">\n\t\t\t<div class=\"elementor-widget-wrap elementor-element-populated\">\n\t\t\t\t\t\t<div class=\"elementor-element elementor-element-05f16bc elementor-widget elementor-widget-spacer\" data-id=\"05f16bc\" data-element_type=\"widget\" data-widget_type=\"spacer.default\">\n\t\t\t\t<div class=\"elementor-widget-container\">\n\t\t\t\t\t\t\t<div class=\"elementor-spacer\">\n\t\t\t<div class=\"elementor-spacer-inner\"><\/div>\n\t\t<\/div>\n\t\t\t\t\t\t<\/div>\n\t\t\t\t<\/div>\n\t\t\t\t<div class=\"elementor-element elementor-element-7c91937 elementor-widget elementor-widget-image\" data-id=\"7c91937\" data-element_type=\"widget\" data-widget_type=\"image.default\">\n\t\t\t\t<div class=\"elementor-widget-container\">\n\t\t\t\t\t\t\t\t\t\t\t\t\t\t\t<img decoding=\"async\" width=\"1024\" height=\"1024\" src=\"https:\/\/physiotherapie-kuppinger.de\/wp-content\/uploads\/2022\/01\/blank-profile-picture-g690924519_1280-1024x1024.png\" class=\"attachment-large size-large wp-image-1327\" alt=\"\" srcset=\"https:\/\/physiotherapie-kuppinger.de\/wp-content\/uploads\/2022\/01\/blank-profile-picture-g690924519_1280-1024x1024.png 1024w, https:\/\/physiotherapie-kuppinger.de\/wp-content\/uploads\/2022\/01\/blank-profile-picture-g690924519_1280-300x300.png 300w, https:\/\/physiotherapie-kuppinger.de\/wp-content\/uploads\/2022\/01\/blank-profile-picture-g690924519_1280-150x150.png 150w, https:\/\/physiotherapie-kuppinger.de\/wp-content\/uploads\/2022\/01\/blank-profile-picture-g690924519_1280-768x768.png 768w, https:\/\/physiotherapie-kuppinger.de\/wp-content\/uploads\/2022\/01\/blank-profile-picture-g690924519_1280.png 1280w\" sizes=\"(max-width: 1024px) 100vw, 1024px\" \/>\t\t\t\t\t\t\t\t\t\t\t\t\t\t\t<\/div>\n\t\t\t\t<\/div>\n\t\t\t\t<div class=\"elementor-element elementor-element-5893a7f elementor-widget elementor-widget-spacer\" data-id=\"5893a7f\" data-element_type=\"widget\" data-widget_type=\"spacer.default\">\n\t\t\t\t<div class=\"elementor-widget-container\">\n\t\t\t\t\t\t\t<div class=\"elementor-spacer\">\n\t\t\t<div class=\"elementor-spacer-inner\"><\/div>\n\t\t<\/div>\n\t\t\t\t\t\t<\/div>\n\t\t\t\t<\/div>\n\t\t\t\t\t<\/div>\n\t\t<\/div>\n\t\t\t\t<div class=\"elementor-column elementor-col-66 elementor-top-column elementor-element elementor-element-21a4ea5\" data-id=\"21a4ea5\" data-element_type=\"column\">\n\t\t\t<div class=\"elementor-widget-wrap elementor-element-populated\">\n\t\t\t\t\t\t<div class=\"elementor-element elementor-element-ed3b14a elementor-widget elementor-widget-spacer\" data-id=\"ed3b14a\" data-element_type=\"widget\" data-widget_type=\"spacer.default\">\n\t\t\t\t<div class=\"elementor-widget-container\">\n\t\t\t\t\t\t\t<div class=\"elementor-spacer\">\n\t\t\t<div class=\"elementor-spacer-inner\"><\/div>\n\t\t<\/div>\n\t\t\t\t\t\t<\/div>\n\t\t\t\t<\/div>\n\t\t\t\t<div class=\"elementor-element elementor-element-bfd3c7a elementor-widget elementor-widget-text-editor\" data-id=\"bfd3c7a\" data-element_type=\"widget\" data-widget_type=\"text-editor.default\">\n\t\t\t\t<div class=\"elementor-widget-container\">\n\t\t\t\t\t\t\t\t\t<h4 style=\"font-size: 1.33333rem; font-style: normal;\"><span style=\"font-size: 15px; color: #000000;\">KATRIN KECK &#8211;\u00a0<\/span><\/h4><p style=\"font-size: 15px; font-style: normal; font-weight: 400;\"><span style=\"color: #000000;\">PHYSIOTHERAPEUTIN<\/span><\/p><h4 style=\"font-size: 1.33333rem; font-style: normal;\">\u00a0<\/h4><div><span style=\"color: #000000;\">Mir wurde schon sehr fr\u00fch bewusst, dass ich gerne einem Beruf ergreifen m\u00f6chte, in dem ich mit Menschen arbeiten kann. Nach meiner ersten Ausbildung zur Gesundheits- und Krankenpflegerin, habe ich mich f\u00fcr die Physiotherapie entschieden um meine medizinischen Kenntnisse zu erweitern und therapeutisch t\u00e4tig werden zu k\u00f6nnen. Als Mutter von zwei Kindern im Alter von 2 und 4 Jahren arbeite ich momentan in Teilzeit.<\/span><\/div><p>\u00a0<\/p><p><span style=\"color: #000000;\">Qualifikationen:<\/span><\/p><p><span style=\"color: #000000;\">2012-2015\u00a0 \u00a0 \u00a0 \u00a0 Ausbildung zur Physiotherapeutin<\/span><\/p><p><span style=\"color: #000000;\">2019\u00a0 \u00a0 \u00a0 \u00a0 \u00a0 \u00a0 \u00a0 \u00a0 \u00a0 Ausbildung f\u00fcr manuelle Lymphdrainage<\/span><\/p><p><span style=\"color: #000000;\">2021\u00a0 \u00a0 \u00a0 \u00a0 \u00a0 \u00a0 \u00a0 \u00a0 \u00a0 Ausbildung zur Bobath-Therapeutin<\/span><\/p><p><span style=\"color: #000000;\">2022\u00a0 \u00a0 \u00a0 \u00a0 \u00a0 \u00a0 \u00a0 \u00a0 \u00a0 Ausbildung zur Schwindel- und Vestibulartherapeutin (IVRT)<\/span><\/p><p><span style=\"color: #000000;\">2024-2026\u00a0 \u00a0 \u00a0 \u00a0 Ausbildung zur Manualtherapeutin<\/span><\/p><p><span style=\"color: #000000;\">\u00a0<\/span><\/p>\t\t\t\t\t\t\t\t<\/div>\n\t\t\t\t<\/div>\n\t\t\t\t\t<\/div>\n\t\t<\/div>\n\t\t\t\t\t<\/div>\n\t\t<\/section>\n\t\t\t\t<section class=\"elementor-section elementor-top-section elementor-element elementor-element-eb76cee elementor-section-boxed elementor-section-height-default elementor-section-height-default\" data-id=\"eb76cee\" data-element_type=\"section\" data-settings=\"{&quot;background_background&quot;:&quot;classic&quot;}\">\n\t\t\t\t\t\t<div class=\"elementor-container elementor-column-gap-default\">\n\t\t\t\t\t<div class=\"elementor-column elementor-col-33 elementor-top-column elementor-element elementor-element-0aec259\" data-id=\"0aec259\" data-element_type=\"column\">\n\t\t\t<div class=\"elementor-widget-wrap elementor-element-populated\">\n\t\t\t\t\t\t<div class=\"elementor-element elementor-element-243d308 elementor-widget elementor-widget-spacer\" data-id=\"243d308\" data-element_type=\"widget\" data-widget_type=\"spacer.default\">\n\t\t\t\t<div class=\"elementor-widget-container\">\n\t\t\t\t\t\t\t<div class=\"elementor-spacer\">\n\t\t\t<div class=\"elementor-spacer-inner\"><\/div>\n\t\t<\/div>\n\t\t\t\t\t\t<\/div>\n\t\t\t\t<\/div>\n\t\t\t\t<div class=\"elementor-element elementor-element-b4e5c16 elementor-widget elementor-widget-image\" data-id=\"b4e5c16\" data-element_type=\"widget\" data-widget_type=\"image.default\">\n\t\t\t\t<div class=\"elementor-widget-container\">\n\t\t\t\t\t\t\t\t\t\t\t\t\t\t\t<img loading=\"lazy\" decoding=\"async\" width=\"683\" height=\"1024\" src=\"https:\/\/physiotherapie-kuppinger.de\/wp-content\/uploads\/2020\/05\/DSC_1306-scaled.jpg\" class=\"attachment-large size-large wp-image-1259\" alt=\"\" \/>\t\t\t\t\t\t\t\t\t\t\t\t\t\t\t<\/div>\n\t\t\t\t<\/div>\n\t\t\t\t<div class=\"elementor-element elementor-element-eafe309 elementor-widget elementor-widget-spacer\" data-id=\"eafe309\" data-element_type=\"widget\" data-widget_type=\"spacer.default\">\n\t\t\t\t<div class=\"elementor-widget-container\">\n\t\t\t\t\t\t\t<div class=\"elementor-spacer\">\n\t\t\t<div class=\"elementor-spacer-inner\"><\/div>\n\t\t<\/div>\n\t\t\t\t\t\t<\/div>\n\t\t\t\t<\/div>\n\t\t\t\t\t<\/div>\n\t\t<\/div>\n\t\t\t\t<div class=\"elementor-column elementor-col-66 elementor-top-column elementor-element elementor-element-918cd4e\" data-id=\"918cd4e\" data-element_type=\"column\">\n\t\t\t<div class=\"elementor-widget-wrap elementor-element-populated\">\n\t\t\t\t\t\t<div class=\"elementor-element elementor-element-eee525c elementor-widget elementor-widget-spacer\" data-id=\"eee525c\" data-element_type=\"widget\" data-widget_type=\"spacer.default\">\n\t\t\t\t<div class=\"elementor-widget-container\">\n\t\t\t\t\t\t\t<div class=\"elementor-spacer\">\n\t\t\t<div class=\"elementor-spacer-inner\"><\/div>\n\t\t<\/div>\n\t\t\t\t\t\t<\/div>\n\t\t\t\t<\/div>\n\t\t\t\t<div class=\"elementor-element elementor-element-1641e8d elementor-widget elementor-widget-text-editor\" data-id=\"1641e8d\" data-element_type=\"widget\" data-widget_type=\"text-editor.default\">\n\t\t\t\t<div class=\"elementor-widget-container\">\n\t\t\t\t\t\t\t\t\t<h4><span style=\"font-size: 15px; color: #000000;\">DANIELA GERL &#8211;\u00a0<\/span><\/h4><h6><span style=\"font-size: 15px; color: #000000;\">REZEPTIONSFACHKRAFT<\/span><\/h6><p><span style=\"font-size: 15px; color: #000000;\">\u00a0<\/span><\/p><p><span style=\"color: #000000;\">Meine T\u00e4tigkeitsbereiche in der Praxis sind die Terminvereinbarung, die Rezeptabrechnung sowie allgemeine B\u00fcroarbeiten.<\/span><br \/><span style=\"color: #000000;\">Ich freue mich, dass ich dadurch den Therapeutinnen &#8222;den R\u00fccken freihalten&#8220; kann, damit sie sich ganz auf Ihre Behandlung konzentrieren k\u00f6nnen.<\/span><\/p><p><span style=\"color: #000000;\">\u00a0<\/span><\/p><p><span style=\"color: #000000;\">Qualifikationen:<\/span><\/p><p><span style=\"color: #000000;\">2020\u00a0 \u00a0 \u00a0 \u00a0 \u00a0 \u00a0 \u00a0 \u00a0 \u00a0 \u00a0 \u00a0Ausbildung zur Rezeptionsfachkraft im Heilmittelwesen<\/span><\/p>\t\t\t\t\t\t\t\t<\/div>\n\t\t\t\t<\/div>\n\t\t\t\t\t<\/div>\n\t\t<\/div>\n\t\t\t\t\t<\/div>\n\t\t<\/section>\n\t\t\t\t<section class=\"elementor-section elementor-top-section elementor-element elementor-element-2debc4f elementor-section-boxed elementor-section-height-default elementor-section-height-default\" data-id=\"2debc4f\" data-element_type=\"section\">\n\t\t\t\t\t\t<div class=\"elementor-container elementor-column-gap-default\">\n\t\t\t\t\t<div class=\"elementor-column elementor-col-33 elementor-top-column elementor-element elementor-element-e946a55\" data-id=\"e946a55\" data-element_type=\"column\">\n\t\t\t<div class=\"elementor-widget-wrap\">\n\t\t\t\t\t\t\t<\/div>\n\t\t<\/div>\n\t\t\t\t<div class=\"elementor-column elementor-col-66 elementor-top-column elementor-element elementor-element-1ed6edb\" data-id=\"1ed6edb\" data-element_type=\"column\">\n\t\t\t<div class=\"elementor-widget-wrap elementor-element-populated\">\n\t\t\t\t\t\t<div class=\"elementor-element elementor-element-c50dee1 elementor-widget elementor-widget-text-editor\" data-id=\"c50dee1\" data-element_type=\"widget\" data-widget_type=\"text-editor.default\">\n\t\t\t\t<div class=\"elementor-widget-container\">\n\t\t\t\t\t\t\t\t\t<h4><span style=\"font-size: 15px; color: #000000;\">LUISA WARNECKE &#8211;&nbsp;<\/span><\/h4>\n<h4><span style=\"font-size: 15px; color: #000000;\">PHYSIOTHERAPEUTIN&nbsp;<\/span><\/h4>\n<p><span style=\"font-size: 15px; color: #000000;\">&nbsp;<\/span><\/p>\n<p><span style=\"font-size: 15px; color: #000000;\">Nach meinem Abitur 2018 und einigen Praktika habe ich mich f\u00fcr die Ausbildung zur Physiotherapeutin entschieden und schnell festgestellt, dass es genau das ist was mich interessiert.<\/span><\/p>\n<p><span style=\"font-size: 15px; color: #000000;\">Besonders wichtig ist mir der direkte Umgang mit Menschen in Verbindung mit Bewegung und Sport.<\/span><\/p>\n<p><span style=\"font-size: 15px; color: #000000;\">Um sp\u00e4ter noch flexibler arbeiten zu k\u00f6nnen studiere ich berufsbegleitend Pr\u00e4ventions-, Therapie- und Rehabilitationswissenschaften.<\/span><\/p>\n<p><span style=\"color: #000000;\">Bereits w\u00e4hrend meiner Ausbildung habe ich in der Praxis angefangen zu arbeiten, um so noch mehr Erfahrungen mit den Patienten sammeln zu k\u00f6nnen.<\/span><\/p>\n<p><span style=\"color: #000000;\">&nbsp;<\/span><\/p>\n<p><span style=\"color: #000000;\">Qualifikationen:<\/span><\/p>\n<p><span style=\"color: #000000;\">2020-2023&nbsp; &nbsp; &nbsp; &nbsp; &nbsp; &nbsp; &nbsp; Ausbildung zur Physiotherapeutin<\/span><\/p>\n<p><span style=\"color: #000000;\">2022&nbsp; &nbsp; &nbsp; &nbsp; &nbsp; &nbsp; &nbsp; &nbsp; &nbsp; &nbsp; &nbsp; &nbsp; Ausbildung zur Schwindel- und Vestibulartherapeutin (IVRT)<\/span><\/p>\n<p><span style=\"color: #000000;\">2023&nbsp; &nbsp; &nbsp; &nbsp; &nbsp; &nbsp; &nbsp; &nbsp; &nbsp; &nbsp; &nbsp; &nbsp; Ausbildung f\u00fcr manuelle Lymphdrainage<\/span><\/p>\n<p><span style=\"color: #000000;\">2023&nbsp; &nbsp; &nbsp; &nbsp; &nbsp; &nbsp; &nbsp; &nbsp; &nbsp; &nbsp; &nbsp; &nbsp; Kiefergelenksbehandlung (CMD)<\/span><\/p>\n<p><span style=\"color: #000000;\">2024&nbsp; &nbsp; &nbsp; &nbsp; &nbsp; &nbsp; &nbsp; &nbsp; &nbsp; &nbsp; &nbsp; &nbsp; Ausbildung zur Sportphysiotherapeutin<\/span><\/p><p><span style=\"color: #000000;\">2024&nbsp; &nbsp; &nbsp; &nbsp; &nbsp; &nbsp; &nbsp; &nbsp; &nbsp; &nbsp; &nbsp; &nbsp; Ausbildung zur Bobath-Therapeutin&nbsp;<\/span><\/p>\n<p><span style=\"color: #000000;\">2024-2026&nbsp; &nbsp; &nbsp; &nbsp; &nbsp; &nbsp; &nbsp; Ausbildung zur Manualtherapeutin<\/span><\/p>\n<p><\/p>\n<p><span style=\"color: #000000;\">&nbsp;<\/span><\/p>\t\t\t\t\t\t\t\t<\/div>\n\t\t\t\t<\/div>\n\t\t\t\t\t<\/div>\n\t\t<\/div>\n\t\t\t\t\t<\/div>\n\t\t<\/section>\n\t\t\t\t<\/div>\n\t\t","protected":false},"excerpt":{"rendered":"<p>JACQUELINE KUPPINGER &#8211;\u00a0 INHABERIN \/ PHYSIOTHERAPEUTIN \/ HEILPRAKTIKERIN \u00a0 Seit meiner Kindheit hatte ich in mir den Wunsch Physiotherapeutin zu werden.Nach der Realschule besuchte ich die VPT-Schule in Fellbach und absolvierte 2015dort mein Staatsexamen zur staatlich anerkannten Physiotherapeutin.Mit Menschen in Verbindung zu stehen und diese auf einem St\u00fcck ihres Lebenswegesbegleiten zu d\u00fcrfen ist f\u00fcr mich [&hellip;]<\/p>\n","protected":false},"author":1,"featured_media":0,"parent":0,"menu_order":0,"comment_status":"closed","ping_status":"closed","template":"elementor_header_footer","meta":{"site-sidebar-layout":"default","site-content-layout":"default","ast-site-content-layout":"","site-content-style":"default","site-sidebar-style":"default","ast-global-header-display":"","ast-banner-title-visibility":"","ast-main-header-display":"","ast-hfb-above-header-display":"","ast-hfb-below-header-display":"","ast-hfb-mobile-header-display":"","site-post-title":"disabled","ast-breadcrumbs-content":"","ast-featured-img":"","footer-sml-layout":"","theme-transparent-header-meta":"default","adv-header-id-meta":"","stick-header-meta":"","header-above-stick-meta":"","header-main-stick-meta":"","header-below-stick-meta":"","astra-migrate-meta-layouts":"default","ast-page-background-enabled":"default","ast-page-background-meta":{"desktop":{"background-color":"","background-image":"","background-repeat":"repeat","background-position":"center center","background-size":"auto","background-attachment":"scroll","background-type":"","background-media":"","overlay-type":"","overlay-color":"","overlay-opacity":"","overlay-gradient":""},"tablet":{"background-color":"","background-image":"","background-repeat":"repeat","background-position":"center center","background-size":"auto","background-attachment":"scroll","background-type":"","background-media":"","overlay-type":"","overlay-color":"","overlay-opacity":"","overlay-gradient":""},"mobile":{"background-color":"","background-image":"","background-repeat":"repeat","background-position":"center center","background-size":"auto","background-attachment":"scroll","background-type":"","background-media":"","overlay-type":"","overlay-color":"","overlay-opacity":"","overlay-gradient":""}},"ast-content-background-meta":{"desktop":{"background-color":"var(--ast-global-color-5)","background-image":"","background-repeat":"repeat","background-position":"center center","background-size":"auto","background-attachment":"scroll","background-type":"","background-media":"","overlay-type":"","overlay-color":"","overlay-opacity":"","overlay-gradient":""},"tablet":{"background-color":"var(--ast-global-color-5)","background-image":"","background-repeat":"repeat","background-position":"center center","background-size":"auto","background-attachment":"scroll","background-type":"","background-media":"","overlay-type":"","overlay-color":"","overlay-opacity":"","overlay-gradient":""},"mobile":{"background-color":"var(--ast-global-color-5)","background-image":"","background-repeat":"repeat","background-position":"center center","background-size":"auto","background-attachment":"scroll","background-type":"","background-media":"","overlay-type":"","overlay-color":"","overlay-opacity":"","overlay-gradient":""}},"footnotes":""},"class_list":["post-989","page","type-page","status-publish","hentry"],"_links":{"self":[{"href":"https:\/\/physiotherapie-kuppinger.de\/index.php?rest_route=\/wp\/v2\/pages\/989","targetHints":{"allow":["GET"]}}],"collection":[{"href":"https:\/\/physiotherapie-kuppinger.de\/index.php?rest_route=\/wp\/v2\/pages"}],"about":[{"href":"https:\/\/physiotherapie-kuppinger.de\/index.php?rest_route=\/wp\/v2\/types\/page"}],"author":[{"embeddable":true,"href":"https:\/\/physiotherapie-kuppinger.de\/index.php?rest_route=\/wp\/v2\/users\/1"}],"replies":[{"embeddable":true,"href":"https:\/\/physiotherapie-kuppinger.de\/index.php?rest_route=%2Fwp%2Fv2%2Fcomments&post=989"}],"version-history":[{"count":108,"href":"https:\/\/physiotherapie-kuppinger.de\/index.php?rest_route=\/wp\/v2\/pages\/989\/revisions"}],"predecessor-version":[{"id":1395,"href":"https:\/\/physiotherapie-kuppinger.de\/index.php?rest_route=\/wp\/v2\/pages\/989\/revisions\/1395"}],"wp:attachment":[{"href":"https:\/\/physiotherapie-kuppinger.de\/index.php?rest_route=%2Fwp%2Fv2%2Fmedia&parent=989"}],"curies":[{"name":"wp","href":"https:\/\/api.w.org\/{rel}","templated":true}]}}